{"id":5716,"date":"2015-01-09T22:07:08","date_gmt":"2015-01-09T20:07:08","guid":{"rendered":"http:\/\/helensjoholm.nu\/_eng\/?page_id=5716"},"modified":"2022-01-12T19:54:34","modified_gmt":"2022-01-12T17:54:34","slug":"forsta-sagoskatten-jul","status":"publish","type":"page","link":"https:\/\/helensjoholm.nu\/_eng\/2011-2015\/forsta-sagoskatten-jul\/","title":{"rendered":"F\u00f6rsta Sagoskatten Jul"},"content":{"rendered":"<table border=\"0\" align=\"left\">\n<tbody>\n<tr>\n<td valign=\"top\"><img loading=\"lazy\" decoding=\"async\" class=\"alignnone\" title=\"F\u00f6rsta Sagoskatten Jul (2014)\" src=\"http:\/\/helensjoholm.nu\/wp-content\/gallery\/diskografi\/cd-forsta-sagiskatten-jul.jpg\" alt=\"F\u00f6rsta Sagoskatten Jul (2014)\" width=\"100\" height=\"100\"><\/td>\n<td valign=\"top\"><strong>F\u00d6RSTA SAGOSKATTEN JUL<\/strong><br \/>\nRab\u00e9n &amp; Sj\u00f6gren (2014)<\/td>\n<\/tr>\n<tr>\n<td colspan=\"2\"><strong>1.<\/strong> Nu \u00e4r det jul igen &#8211; Nacka Musikklasser, \u00e5k 4<\/td>\n<\/tr>\n<tr>\n<td colspan=\"2\"><strong>2.<\/strong> Hej tomtegubbar &#8211; Arne Weise<\/td>\n<\/tr>\n<tr>\n<td colspan=\"2\">3. Nu har vi ljus &#8211; Irma Schultz<\/td>\n<\/tr>\n<tr>\n<td colspan=\"2\"><strong>4.<\/strong> R\u00e4ven raskar \u00f6ver isen &#8211; Nacka Musikklasser, \u00e5k 5-6, Rolf Lassg\u00e5rd, Freddie Wadling, Malin H\u00fclphers<\/td>\n<\/tr>\n<tr>\n<td colspan=\"2\"><strong>5.<\/strong> En sockerbagare &#8211; Eva R\u00f6se, Leif Jordansson<\/td>\n<\/tr>\n<tr>\n<td colspan=\"2\"><strong>6.<\/strong> Karusellen &#8211; Eva R\u00f6se och Kottek\u00f6ren<\/td>\n<\/tr>\n<tr>\n<td colspan=\"2\"><strong>7. Vi \u00e4ro musikanter &#8211; Eva R\u00f6se, Helen Sj\u00f6holm, Kottek\u00f6ren<\/strong><\/td>\n<\/tr>\n<tr>\n<td colspan=\"2\"><strong>8.<\/strong> Tomtarnas julnatt &#8211; Anders Ekborg<\/td>\n<\/tr>\n<tr>\n<td colspan=\"2\"><strong>9.<\/strong> <strong>M\u00f6ssens julafton &#8211; Eva R\u00f6se, Claes Jansson, Helen Sj\u00f6holm, Modesto Sanchez och Kottek\u00f6ren<\/strong><\/td>\n<\/tr>\n<tr>\n<td colspan=\"2\"><strong>10.<\/strong> Nu t\u00e4ndas tusen juleljus &#8211; Anders Ekborg<\/td>\n<\/tr>\n<tr>\n<td colspan=\"2\"><a href=\"https:\/\/helensjoholm.nu\/_eng\/2011-2015\/\">Back<\/a><\/td>\n<\/tr>\n<\/tbody>\n<\/table>\n<p>&nbsp;<\/p>\n","protected":false},"excerpt":{"rendered":"<p>F\u00d6RSTA SAGOSKATTEN JUL Rab\u00e9n &amp; Sj\u00f6gren (2014) 1. Nu \u00e4r det jul igen &#8211; Nacka Musikklasser, \u00e5k 4 2. Hej tomtegubbar &#8211; Arne Weise 3. <a class=\"more-link\" href=\"https:\/\/helensjoholm.nu\/_eng\/2011-2015\/forsta-sagoskatten-jul\/\">Read More &#8230;<\/a><\/p>\n","protected":false},"author":1,"featured_media":0,"parent":182,"menu_order":0,"comment_status":"closed","ping_status":"open","template":"","meta":{"ngg_post_thumbnail":0,"footnotes":""},"class_list":["post-5716","page","type-page","status-publish","hentry"],"aioseo_notices":[],"_links":{"self":[{"href":"https:\/\/helensjoholm.nu\/_eng\/wp-json\/wp\/v2\/pages\/5716","targetHints":{"allow":["GET"]}}],"collection":[{"href":"https:\/\/helensjoholm.nu\/_eng\/wp-json\/wp\/v2\/pages"}],"about":[{"href":"https:\/\/helensjoholm.nu\/_eng\/wp-json\/wp\/v2\/types\/page"}],"author":[{"embeddable":true,"href":"https:\/\/helensjoholm.nu\/_eng\/wp-json\/wp\/v2\/users\/1"}],"replies":[{"embeddable":true,"href":"https:\/\/helensjoholm.nu\/_eng\/wp-json\/wp\/v2\/comments?post=5716"}],"version-history":[{"count":0,"href":"https:\/\/helensjoholm.nu\/_eng\/wp-json\/wp\/v2\/pages\/5716\/revisions"}],"up":[{"embeddable":true,"href":"https:\/\/helensjoholm.nu\/_eng\/wp-json\/wp\/v2\/pages\/182"}],"wp:attachment":[{"href":"https:\/\/helensjoholm.nu\/_eng\/wp-json\/wp\/v2\/media?parent=5716"}],"curies":[{"name":"wp","href":"https:\/\/api.w.org\/{rel}","templated":true}]}}