{"id":3033,"date":"2013-06-05T18:47:56","date_gmt":"2013-06-05T16:47:56","guid":{"rendered":"http:\/\/helensjoholm.nu\/_eng\/?page_id=3033"},"modified":"2022-05-14T17:45:00","modified_gmt":"2022-05-14T15:45:00","slug":"jag-har-bara-ogonblick","status":"publish","type":"page","link":"https:\/\/helensjoholm.nu\/_eng\/2003-2005\/genom-varje-andetag\/jag-har-bara-ogonblick\/","title":{"rendered":"Jag har bara \u00f6gonblick"},"content":{"rendered":"<p><strong>Lyrics: Anders Widmark<\/strong><\/p>\n<p>Det gr\u00f6na bladet t\u00e4cks av sn\u00f6<br \/>\nEn lampa t\u00e4nds i f\u00f6nsret<br \/>\nF\u00f6rsta tanken p\u00e5 uppbrott<br \/>\nF\u00f6rsta tanken p\u00e5 dig<\/p>\n<p>Jag b\u00e4r p\u00e5 \u00f6gonblick<br \/>\n\u00f6gonblick som f\u00f6rsvinner<br \/>\nF\u00f6rlorar sin musik<br \/>\nJag b\u00e4r p\u00e5 musiken<\/p>\n<p>Jag har bara \u00f6gonblick<br \/>\n\u00f6gonblick som f\u00f6rsvann<br \/>\nJag b\u00e4r p\u00e5 \u00f6gonblick<br \/>\n\u00f6gonblick i min hand<\/p>\n<p>Nu \u00e4r det dags att minnas<br \/>\nNu \u00e4r det dags att ge sig av<br \/>\nD\u00e4r musiken tar slut<br \/>\nd\u00e4r tar orden vid<\/p>\n<p>S\u00e5 nu en stund f\u00f6r ord<br \/>\nmen snart tar orden slut<br \/>\nSom bladen i en bok<br \/>\nfaller ur min hand<\/p>\n<p>Jag har bara \u00f6gonblick<br \/>\n\u00f6gonblick som f\u00f6rsvann<br \/>\nJag b\u00e4r p\u00e5 \u00f6gonblick<br \/>\n\u00f6gonblick i min hand<\/p>\n<p>Jag har bara \u00f6gonblick<br \/>\n\u00f6gonblick som f\u00f6rsvann<br \/>\nJag b\u00e4r p\u00e5 \u00f6gonblick<br \/>\n\u00f6gonblick som f\u00f6rsvann<br \/>\nJag b\u00e4r p\u00e5 \u00f6gonblick<br \/>\n\u00f6gonblick i min hand<\/p>\n<p>Det gr\u00f6na bladet t\u00e4cks av sn\u00f6<br \/>\nEn lampa t\u00e4nds i f\u00f6nstret<br \/>\nF\u00f6rsta tanken p\u00e5 uppbrott<br \/>\nF\u00f6rsta tanken p\u00e5 dig<\/p>\n<p><em>\u00a9 2003 Universal Music AB<\/em><\/p>\n<p><a title=\"Genom varje andetag\" href=\"https:\/\/helensjoholm.nu\/_eng\/2003-2005\/genom-varje-andetag\/\">Back<\/a><\/p>\n","protected":false},"excerpt":{"rendered":"<p>Lyrics: Anders Widmark Det gr\u00f6na bladet t\u00e4cks av sn\u00f6 En lampa t\u00e4nds i f\u00f6nsret F\u00f6rsta tanken p\u00e5 uppbrott F\u00f6rsta tanken p\u00e5 dig Jag b\u00e4r p\u00e5 <a class=\"more-link\" href=\"https:\/\/helensjoholm.nu\/_eng\/2003-2005\/genom-varje-andetag\/jag-har-bara-ogonblick\/\">Read More &#8230;<\/a><\/p>\n","protected":false},"author":1,"featured_media":0,"parent":3011,"menu_order":0,"comment_status":"closed","ping_status":"closed","template":"","meta":{"ngg_post_thumbnail":0,"footnotes":""},"class_list":["post-3033","page","type-page","status-publish","hentry"],"aioseo_notices":[],"_links":{"self":[{"href":"https:\/\/helensjoholm.nu\/_eng\/wp-json\/wp\/v2\/pages\/3033","targetHints":{"allow":["GET"]}}],"collection":[{"href":"https:\/\/helensjoholm.nu\/_eng\/wp-json\/wp\/v2\/pages"}],"about":[{"href":"https:\/\/helensjoholm.nu\/_eng\/wp-json\/wp\/v2\/types\/page"}],"author":[{"embeddable":true,"href":"https:\/\/helensjoholm.nu\/_eng\/wp-json\/wp\/v2\/users\/1"}],"replies":[{"embeddable":true,"href":"https:\/\/helensjoholm.nu\/_eng\/wp-json\/wp\/v2\/comments?post=3033"}],"version-history":[{"count":0,"href":"https:\/\/helensjoholm.nu\/_eng\/wp-json\/wp\/v2\/pages\/3033\/revisions"}],"up":[{"embeddable":true,"href":"https:\/\/helensjoholm.nu\/_eng\/wp-json\/wp\/v2\/pages\/3011"}],"wp:attachment":[{"href":"https:\/\/helensjoholm.nu\/_eng\/wp-json\/wp\/v2\/media?parent=3033"}],"curies":[{"name":"wp","href":"https:\/\/api.w.org\/{rel}","templated":true}]}}