{"id":14850,"date":"2025-02-02T11:14:29","date_gmt":"2025-02-02T09:14:29","guid":{"rendered":"https:\/\/helensjoholm.nu\/_eng\/?page_id=14850"},"modified":"2025-02-02T11:14:29","modified_gmt":"2025-02-02T09:14:29","slug":"som-skapta-for-varann-lyrics","status":"publish","type":"page","link":"https:\/\/helensjoholm.nu\/_eng\/2011-2015\/musikalen-livet-ar-en-schlager\/som-skapta-for-varann-lyrics\/","title":{"rendered":"Som skapta f\u00f6r varann"},"content":{"rendered":"<p><strong>Music:<\/strong> Fredrik Kempe<br \/>\n<strong>Lyrics:<\/strong> Jonas Gardell<\/p>\n<p>D\u00e4r jag \u00e4r skugga \u00e4r du solsken<br \/>\nJag h\u00e5ller dig n\u00e4r du \u00e4r svag<br \/>\nDu ger mig styrka n\u00e4r jag tappat tron<br \/>\nSom skapta f\u00f6r varann<br \/>\nDu \u00e4r min hamn n\u00e4r livet rasar<br \/>\nDu \u00e4r den v\u00e4g som leder fram<br \/>\nMitt sista andetag<br \/>\nMitt hj\u00e4rtas varje slag<br \/>\nSom skapta f\u00f6r varann<\/p>\n<p>Du dansar vals, jag dansar tango<br \/>\nOch b\u00e5da h\u00e5ller varsin takt<br \/>\nSom en maskin d\u00e4r varje skruv \u00e4r l\u00f6s<br \/>\nSom skapta f\u00f6r varann<br \/>\nJag \u00e4r en plump i protokollet<br \/>\nDu \u00e4r ett misstag hela du<br \/>\nS\u00e5 fel som n\u00e5t kan bli<br \/>\nMen \u00e4nd\u00e5 \u00e4r det vi<br \/>\nSom skapta f\u00f6r varann<\/p>\n<p>Som sill och potatis, som glass som \u00e4r gratis<br \/>\nSom Adam och Eva, och Eva och Eva<br \/>\nSom k\u00e4rlek och kyssar, som hockey och ryssar<br \/>\n\u00c4r du och jag<\/p>\n<p>Det finns o\u00e4ndligt m\u00e5nga f\u00e4rger<br \/>\nL\u00e5ngt m\u00e5nga fler \u00e4n svart och vitt<br \/>\nS\u00e5 m\u00e5nga s\u00e4tt som man kan vara p\u00e5<br \/>\nSom skapta f\u00f6r varann<br \/>\nS\u00e5 m\u00e5nga sk\u00f6na melodier<br \/>\nSom du inte visste fanns<br \/>\nOch var och en av oss<br \/>\n\u00c4r underbar f\u00f6rst\u00e5s<br \/>\nSom skapta f\u00f6r varann<\/p>\n<p>Och var och en av oss<br \/>\n\u00c4r underbar f\u00f6rst\u00e5s<br \/>\nSom skapta f\u00f6r varann<\/p>\n<p><em>\u00a9 2015 Universal Music AB<\/em><\/p>\n<p><a title=\"Musikalen Livet \u00e4r en schlager\" href=\"https:\/\/helensjoholm.nu\/_eng\/2011-2015\/musikalen-livet-ar-en-schlager\/\">Back<\/a><\/p>\n","protected":false},"excerpt":{"rendered":"<p>Music: Fredrik Kempe Lyrics: Jonas Gardell D\u00e4r jag \u00e4r skugga \u00e4r du solsken Jag h\u00e5ller dig n\u00e4r du \u00e4r svag Du ger mig styrka n\u00e4r <a class=\"more-link\" href=\"https:\/\/helensjoholm.nu\/_eng\/2011-2015\/musikalen-livet-ar-en-schlager\/som-skapta-for-varann-lyrics\/\">Read More &#8230;<\/a><\/p>\n","protected":false},"author":1,"featured_media":0,"parent":5747,"menu_order":0,"comment_status":"closed","ping_status":"closed","template":"","meta":{"ngg_post_thumbnail":0,"footnotes":""},"class_list":["post-14850","page","type-page","status-publish","hentry"],"aioseo_notices":[],"_links":{"self":[{"href":"https:\/\/helensjoholm.nu\/_eng\/wp-json\/wp\/v2\/pages\/14850","targetHints":{"allow":["GET"]}}],"collection":[{"href":"https:\/\/helensjoholm.nu\/_eng\/wp-json\/wp\/v2\/pages"}],"about":[{"href":"https:\/\/helensjoholm.nu\/_eng\/wp-json\/wp\/v2\/types\/page"}],"author":[{"embeddable":true,"href":"https:\/\/helensjoholm.nu\/_eng\/wp-json\/wp\/v2\/users\/1"}],"replies":[{"embeddable":true,"href":"https:\/\/helensjoholm.nu\/_eng\/wp-json\/wp\/v2\/comments?post=14850"}],"version-history":[{"count":2,"href":"https:\/\/helensjoholm.nu\/_eng\/wp-json\/wp\/v2\/pages\/14850\/revisions"}],"predecessor-version":[{"id":14852,"href":"https:\/\/helensjoholm.nu\/_eng\/wp-json\/wp\/v2\/pages\/14850\/revisions\/14852"}],"up":[{"embeddable":true,"href":"https:\/\/helensjoholm.nu\/_eng\/wp-json\/wp\/v2\/pages\/5747"}],"wp:attachment":[{"href":"https:\/\/helensjoholm.nu\/_eng\/wp-json\/wp\/v2\/media?parent=14850"}],"curies":[{"name":"wp","href":"https:\/\/api.w.org\/{rel}","templated":true}]}}