{"id":10863,"date":"2021-04-04T14:55:23","date_gmt":"2021-04-04T12:55:23","guid":{"rendered":"http:\/\/helensjoholm.nu\/_eng\/?page_id=10863"},"modified":"2026-01-04T18:46:23","modified_gmt":"2026-01-04T16:46:23","slug":"concerts-2021-and-forward","status":"publish","type":"page","link":"https:\/\/helensjoholm.nu\/_eng\/concerts-2021-and-forward\/","title":{"rendered":"Concerts 2021 and forward"},"content":{"rendered":"<p><img loading=\"lazy\" decoding=\"async\" title=\"Concerts\" src=\"https:\/\/helensjoholm.nu\/_eng\/wp-content\/gallery\/biografi\/concerts_1.jpg\" alt=\"Konserter\" width=\"500\" height=\"333\"><\/p>\n<p>&nbsp;<\/p>\n<table style=\"height: 213px;\">\n<tbody>\n<tr style=\"height: 137px;\">\n<td style=\"height: 137px;\" colspan=\"2\">\n<hr>\n<h2 align=\"center\">2025<\/h2>\n<hr>\n<\/td>\n<\/tr>\n<tr style=\"height: 19px;\">\n<td style=\"height: 19px;\"><strong>12\/3<\/strong><\/td>\n<td style=\"height: 19px;\">Gothenburg, World of Volvo: Taube Day \u2013 <em>Sj\u00f6g\u00e5ng<\/em>. Tribute concert for Evert Taube.<\/td>\n<\/tr>\n<tr style=\"height: 19px;\">\n<td style=\"height: 19px;\"><strong>21\/3<\/strong><\/td>\n<td style=\"height: 19px;\">Bolln\u00e4s, Culture House: Concert with Rickad Nilsson (part of a tour)<\/td>\n<\/tr>\n<tr style=\"height: 19px;\">\n<td style=\"height: 19px;\"><strong>22\/3<\/strong><\/td>\n<td style=\"height: 19px;\">J\u00e4ttendal, Mellanfj\u00e4rden Theater: Two concerts with Rickad Nilsson (part of a tour)<\/td>\n<\/tr>\n<tr style=\"height: 19px;\">\n<td style=\"height: 19px;\"><strong>28\/3<\/strong><\/td>\n<td style=\"height: 19px;\">Stockholm, Musical Quarter: Concert with Jojje Wadenius and Martin \u00d6stergren (part of a tour)<\/td>\n<\/tr>\n<tr style=\"height: 19px;\">\n<td style=\"height: 19px;\"><strong>29\/3<\/strong><\/td>\n<td style=\"height: 19px;\">V\u00e4ster\u00e5s, The Steam Hotel: Concert with Jojje Wadenius and Martin \u00d6stergren (part of a tour)<\/td>\n<\/tr>\n<tr style=\"height: 19px;\">\n<td style=\"height: 19px;\"><strong>30\/3<\/strong><\/td>\n<td style=\"height: 19px;\">Finsp\u00e5ng, Risinge Church: Concert with Jojje Wadenius and Martin \u00d6stergren (part of a tour)<\/td>\n<\/tr>\n<tr style=\"height: 19px;\">\n<td style=\"height: 19px;\"><strong>3\/4<\/strong><\/td>\n<td style=\"height: 19px;\">H\u00e4ssleholm, Culture House: Concert with Rickad Nilsson (part of a tour)<\/td>\n<\/tr>\n<tr style=\"height: 19px;\">\n<td style=\"height: 17px;\"><strong>4\/4<\/strong><\/td>\n<td style=\"height: 17px;\">Bodafors, Norra Sandsj\u00f6 Church: Two concerts with Rickad Nilsson (part of a tour)<\/td>\n<\/tr>\n<tr>\n<td><strong>26\/4<\/strong><\/td>\n<td>Lindesberg: Secret guest artist at Harmoni&#8217;s Caprice 40th anniversary<\/td>\n<\/tr>\n<tr>\n<td><strong>29\/7<\/strong><\/td>\n<td>R\u00e4ttvik, Dalhalla: Concert with Tommy K\u00f6rberg (part of a tour)<\/td>\n<\/tr>\n<tr>\n<td><strong>30\/7<\/strong><\/td>\n<td>Karlstad, Marieberg forest: Concert with Tommy K\u00f6rberg (part of a tour)<\/td>\n<\/tr>\n<tr>\n<td><strong>31\/7<\/strong><\/td>\n<td>Uppsala, Parksn\u00e4ckan: Concert with Tommy K\u00f6rberg (part of a tour)<\/td>\n<\/tr>\n<tr>\n<td><strong>1\/8<\/strong><\/td>\n<td>Vadstena, Vadstena Castle: Concert with Tommy K\u00f6rberg (part of a tour)<\/td>\n<\/tr>\n<tr>\n<td><strong>5\/8<\/strong><\/td>\n<td>H\u00f6ga Kusten, Skuleberget: Concert with Tommy K\u00f6rberg (part of a tour)<\/td>\n<\/tr>\n<tr>\n<td><strong>6\/8<\/strong><\/td>\n<td>H\u00f6ga Kusten, Skuleberget: Concert with Tommy K\u00f6rberg (part of a tour)<\/td>\n<\/tr>\n<tr>\n<td><strong>8\/8<\/strong><\/td>\n<td>Lidk\u00f6ping, The city garden: Concert with Tommy K\u00f6rberg (part of a tour)<\/td>\n<\/tr>\n<tr>\n<td><strong>9\/8<\/strong><\/td>\n<td>\u00d6rebro, City park: Concert with Tommy K\u00f6rberg (part of a tour)<\/td>\n<\/tr>\n<tr>\n<td><strong>17\/8<\/strong><\/td>\n<td>Stockholm, Ulriksdal Castle: Concert with Tommy K\u00f6rberg (part of a tour)<\/td>\n<\/tr>\n<tr>\n<td><strong>22\/10<\/strong><\/td>\n<td>Stockholm, Norrmalm Church: <em>We celebrate life,<\/em> concert to benefit breast cancer research and support for those affected.<\/td>\n<\/tr>\n<tr>\n<td><strong>27\/11<\/strong><\/td>\n<td>Stockholm, Cirkus: <em>A Weekend for Cornelis.<\/em> Helen participated in one of three concerts.<\/td>\n<\/tr>\n<tr>\n<td><strong>17\/12<\/strong><\/td>\n<td>Stockholm Liding\u00f6, Villa Foresta: Christmas concert with Anna Stadling<\/td>\n<\/tr>\n<tr style=\"height: 137px;\">\n<td style=\"height: 137px;\" colspan=\"2\">\n<hr>\n<h2 align=\"center\">2024<\/h2>\n<hr>\n<\/td>\n<\/tr>\n<tr style=\"height: 19px;\">\n<td style=\"height: 19px; width: 92px;\"><strong>16\/5<\/strong><\/td>\n<td style=\"height: 19px; width: 1280px;\">Stockholm: <em>Livemusik at Skansen; Anders Widmark &amp; guests<\/em><\/td>\n<\/tr>\n<tr style=\"height: 19px;\">\n<td style=\"height: 19px; width: 92px;\"><strong>8\/6<\/strong><\/td>\n<td style=\"height: 19px; width: 1280px;\">\u00d6sterbybruk Manor: Concert with Jojje Wadenius and Martin \u00d6stergren (part of a tour)<\/td>\n<\/tr>\n<tr style=\"height: 19px;\">\n<td style=\"height: 19px; width: 92px;\"><strong>9\/6<\/strong><\/td>\n<td style=\"height: 19px; width: 1280px;\">Stj\u00e4rnsund, Smedjan: Concert with Jojje Wadenius and Martin \u00d6stergren (part of a tour)<\/td>\n<\/tr>\n<tr style=\"height: 19px;\">\n<td style=\"height: 19px; width: 92px;\"><strong>11\/6<\/strong><\/td>\n<td style=\"height: 19px; width: 1280px;\">Stockholm: <em>An evening at Circus<\/em> with Benny Andersson Band<\/td>\n<\/tr>\n<tr style=\"height: 19px;\">\n<td style=\"height: 19px; width: 92px;\"><strong>14\/6<\/strong><\/td>\n<td style=\"height: 19px; width: 1280px;\">Visby, St. Nicolai church ruins: Concert with Jojje Wadenius and Martin \u00d6stergren (part of a tour)<\/td>\n<\/tr>\n<tr style=\"height: 19px;\">\n<td style=\"height: 19px; width: 92px;\"><strong>15\/6<\/strong><\/td>\n<td style=\"height: 19px; width: 1280px;\">Kalmar, Castle Hotel: Concert with Jojje Wadenius and Martin \u00d6stergren (part of a tour)<\/td>\n<\/tr>\n<tr style=\"height: 19px;\">\n<td style=\"height: 19px; width: 92px;\"><strong>16\/6<\/strong><\/td>\n<td style=\"height: 19px; width: 1280px;\">Old Link\u00f6ping: Concert with Jojje Wadenius and Martin \u00d6stergren (part of a tour)<\/td>\n<\/tr>\n<tr style=\"height: 19px;\">\n<td style=\"width: 92px; height: 19px;\"><strong>11\/8<\/strong><\/td>\n<td style=\"width: 1280px; height: 19px;\">Ingar\u00f6, Anders Paulsson&#8217;s garden: Two concerts with Jojje Wadenius and Martin \u00d6stergren<\/td>\n<\/tr>\n<tr style=\"height: 19px;\">\n<td style=\"width: 92px; height: 19px;\"><strong>17\/10<\/strong><\/td>\n<td style=\"width: 1280px; height: 19px;\">Stockholm, Concert Hall: <em>We celebrate Allan Edwall 100 years<\/em>&nbsp;with Lennart J\u00e4hkel and Bengan Janson<\/td>\n<\/tr>\n<tr style=\"height: 19px;\">\n<td style=\"width: 92px; height: 19px;\"><strong>23\/10<\/strong><\/td>\n<td style=\"width: 1280px; height: 19px;\">Stockholm, Concert Hall: <em>We celebrate Allan Edwall 100 years<\/em>&nbsp;with Lennart J\u00e4hkel and Bengan Janson<\/td>\n<\/tr>\n<tr style=\"height: 19px;\">\n<td style=\"height: 19px;\"><strong>28\/11<\/strong><\/td>\n<td style=\"height: 19px;\">Helsingborg, Maria Church: <i>Songs in Christmas time<\/i>&nbsp;with Anna Stadling (part of a tour)<\/td>\n<\/tr>\n<tr style=\"height: 19px;\">\n<td style=\"height: 19px;\"><strong>29\/11<\/strong><\/td>\n<td style=\"height: 19px;\">Ystad Theater: <i>Songs in Christmas time<\/i>&nbsp;with Anna Stadling (part of a tour)<\/td>\n<\/tr>\n<tr style=\"height: 19px;\">\n<td style=\"height: 19px;\"><strong>30\/11<\/strong><\/td>\n<td style=\"height: 19px;\">\u00c4lmhult, Virestad Church: <i>Songs in Christmas time<\/i>&nbsp;with Anna Stadling (part of a tour)<\/td>\n<\/tr>\n<tr style=\"height: 19px;\">\n<td style=\"height: 19px;\"><strong>1\/12<\/strong><\/td>\n<td style=\"height: 19px;\">Stockholm, Maxim Theater: <i>Songs in Christmas time<\/i>&nbsp;with Anna Stadling (part of a tour)<\/td>\n<\/tr>\n<tr style=\"height: 19px;\">\n<td style=\"height: 19px;\"><strong>4\/12<\/strong><\/td>\n<td style=\"height: 19px;\">Malm\u00f6, S:t Johannes Church: <i>Songs in Christmas time<\/i>&nbsp;with Anna Stadling (part of a tour)<\/td>\n<\/tr>\n<tr style=\"height: 19px;\">\n<td style=\"height: 19px;\"><strong>6\/12<\/strong><\/td>\n<td style=\"height: 19px;\">J\u00e4rvs\u00f6 Church: <i>Songs in Christmas time<\/i>&nbsp;with Anna Stadling (part of a tour)<\/td>\n<\/tr>\n<tr style=\"height: 19px;\">\n<td style=\"height: 19px;\"><strong>7\/12<\/strong><\/td>\n<td style=\"height: 19px;\">Sundsvall, Sel\u00e5nger Church: S<i>ongs in Christmas time<\/i>&nbsp;with Anna Stadling (part of a tour)<\/td>\n<\/tr>\n<tr style=\"height: 19px;\">\n<td style=\"height: 19px;\"><strong>8\/12<\/strong><\/td>\n<td style=\"height: 19px;\">G\u00e4vle, Heliga Trefaldighet Church: <i>Songs in Christmas time<\/i>&nbsp;with Anna Stadling (part of a tour)<\/td>\n<\/tr>\n<tr style=\"height: 19px;\">\n<td style=\"height: 19px;\"><strong>11\/12<\/strong><\/td>\n<td style=\"height: 19px;\">Askersund, House of performing arts, Sj\u00f6\u00e4ngen: <i>Songs in Christmas time<\/i>&nbsp;with Anna Stadling (part of a tour)<\/td>\n<\/tr>\n<tr style=\"height: 19px;\">\n<td style=\"height: 19px;\"><strong>12\/12<\/strong><\/td>\n<td style=\"height: 19px;\">Bor\u00e5s, Gustav Adolf Church: <i>Songs in Christmas time<\/i>&nbsp;with Anna Stadling (part of a tour)<\/td>\n<\/tr>\n<tr style=\"height: 19px;\">\n<td style=\"height: 19px;\"><strong>15\/12<\/strong><\/td>\n<td style=\"height: 19px;\">Gr\u00e4ngesberg, Cassel\u2019s Concert House: <i>Songs in Christmas time<\/i>&nbsp;with Anna Stadling (part of a tour)<\/td>\n<\/tr>\n<tr style=\"height: 19px;\">\n<td style=\"height: 19px;\"><strong>16\/12<\/strong><\/td>\n<td style=\"height: 19px;\">Eskilstuna, Kloster Church: <i>Songs in Christmas time<\/i>&nbsp;with Anna Stadling (part of a tour)<\/td>\n<\/tr>\n<tr style=\"height: 19px;\">\n<td style=\"height: 19px;\"><strong>18\/12<\/strong><\/td>\n<td style=\"height: 19px;\">Karlstad, Karlstad Cathedral: <i>Songs in Christmas time<\/i>&nbsp;with Anna Stadling (part of a tour)<\/td>\n<\/tr>\n<tr style=\"height: 19px;\">\n<td style=\"height: 19px;\"><strong>19\/12<\/strong><\/td>\n<td style=\"height: 19px;\">Gothenburg, Oskar Fredrik Church: <i>Songs in Christmas time<\/i>&nbsp;with Anna Stadling (part of a tour)<\/td>\n<\/tr>\n<tr style=\"height: 137px;\">\n<td style=\"height: 137px; width: 1372px;\" colspan=\"2\">\n<hr>\n<h2 align=\"center\">2023<\/h2>\n<hr>\n<\/td>\n<\/tr>\n<tr style=\"height: 19px;\">\n<td style=\"height: 19px; width: 92px;\"><strong>15\/1<\/strong><\/td>\n<td style=\"height: 19px; width: 1280px;\">Stockholm, Berns Salonger: <em>The Fadime Gala<\/em><\/td>\n<\/tr>\n<tr style=\"height: 19px;\">\n<td style=\"height: 19px; width: 92px;\"><strong>23\/1<\/strong><\/td>\n<td style=\"height: 19px; width: 1280px;\">Stockholm, Cirkus: <em>The Golden Beetle Gala<\/em><\/td>\n<\/tr>\n<tr style=\"height: 19px;\">\n<td style=\"width: 92px; height: 19px;\"><strong>11\/2<\/strong><\/td>\n<td style=\"width: 1280px; height: 19px;\">S\u00f6derk\u00f6ping&#8217;s Brunn: <em>Music at the Fountain<\/em>&nbsp;with Jojje Wadenius and Martin \u00d6stergren<\/td>\n<\/tr>\n<tr style=\"height: 19px;\">\n<td style=\"width: 92px; height: 19px;\"><strong>15-16\/2<\/strong><\/td>\n<td style=\"width: 1280px; height: 19px;\">Malm\u00f6 Opera:<em> Starlight, <\/em>charity gala for the benefit of the organization&nbsp;Star for Life<\/td>\n<\/tr>\n<tr style=\"height: 19px;\">\n<td style=\"width: 92px; height: 19px;\"><strong>28\/3<\/strong><\/td>\n<td style=\"width: 1280px; height: 19px;\">Str\u00e4ngn\u00e4s, Thomas Arena Theater: <em>From Kristina from Duvem\u00e5la to En ny tid <\/em>with Rickad Nilsson<\/td>\n<\/tr>\n<tr style=\"height: 19px;\">\n<td style=\"width: 92px; height: 19px;\"><strong>29\/3<\/strong><\/td>\n<td style=\"width: 1280px; height: 19px;\">Falkenberg City Theater: <em>From Kristina from Duvem\u00e5la to En ny tid<\/em>&nbsp;with Rickad Nilsson<\/td>\n<\/tr>\n<tr style=\"height: 19px;\">\n<td style=\"width: 92px; height: 19px;\"><strong>30\/3<\/strong><\/td>\n<td style=\"width: 1280px; height: 19px;\">Kristianstad, Culture quarter: <em>From Kristina from Duvem\u00e5la to En ny tid <\/em>with Rickad Nilsson<\/td>\n<\/tr>\n<tr style=\"height: 19px;\">\n<td style=\"width: 92px; height: 19px;\"><strong>1\/4<\/strong><\/td>\n<td style=\"width: 1280px; height: 19px;\">Bolln\u00e4s, Culture House: <em>From Kristina from Duvem\u00e5la to En ny tid <\/em>with Rickad Nilsson<\/td>\n<\/tr>\n<tr style=\"height: 19px;\">\n<td style=\"width: 92px; height: 19px;\"><strong>2\/4<\/strong><\/td>\n<td style=\"width: 1280px; height: 19px;\">Askersund, Sj\u00f6\u00e4ngen: <em>From Kristina from Duvem\u00e5la to En ny tid <\/em>with Rickad Nilsson<\/td>\n<\/tr>\n<tr style=\"height: 19px;\">\n<td style=\"width: 92px; height: 19px;\"><strong>4\/4<\/strong><\/td>\n<td style=\"width: 1280px; height: 19px;\">S\u00e4ffle, Medis: <em>From Kristina from Duvem\u00e5la to En ny tid <\/em>with Rickad Nilsson<\/td>\n<\/tr>\n<tr style=\"height: 19px;\">\n<td style=\"width: 92px; height: 19px;\"><strong>17\/4<\/strong><\/td>\n<td style=\"width: 1280px; height: 19px;\">Stockholm, Scala Theater: S<em>tallbr\u00f6derna Stable Show<\/em><\/td>\n<\/tr>\n<tr style=\"height: 19px;\">\n<td style=\"width: 92px; height: 19px;\"><strong>23\/4<\/strong><\/td>\n<td style=\"width: 1280px; height: 19px;\">Pite\u00e5, Studio Acusticum: <em>A moment on earth<\/em> with Martin \u00d6stergren and Erik Westberg\u2019s Vocal Ensemble<\/td>\n<\/tr>\n<tr style=\"height: 19px;\">\n<td style=\"width: 92px; height: 19px;\"><strong>24\/4<\/strong><\/td>\n<td style=\"width: 1280px; height: 19px;\">Stockholm, National Hall at the Royal Palace: <em>Music at the Castle<\/em> together with Orphei Dr\u00e4ngar<\/td>\n<\/tr>\n<tr style=\"height: 19px;\">\n<td style=\"width: 92px; height: 19px;\"><strong>26\/4<\/strong><\/td>\n<td style=\"width: 1280px; height: 19px;\">Stockholm, Berns: Tribute gala for B\u00f6rje Salming together with Tommy K\u00f6rberg<\/td>\n<\/tr>\n<tr style=\"height: 19px;\">\n<td style=\"width: 92px; height: 19px;\"><strong>29\/4<\/strong><\/td>\n<td style=\"width: 1280px; height: 19px;\">K\u00e4rrtorp, Theater Reflex: <em>Limitless Freedom<\/em> with the choir Limitless Voices<\/td>\n<\/tr>\n<tr style=\"height: 19px;\">\n<td style=\"width: 92px; height: 19px;\"><strong>6\/5<\/strong><\/td>\n<td style=\"width: 1280px; height: 19px;\">T\u00e4llberg, Klockarg\u00e5rden:&nbsp;<em>Bengan&#8217;s stage<\/em>, together with Bengan Janson<\/td>\n<\/tr>\n<tr style=\"height: 19px;\">\n<td style=\"width: 92px; height: 19px;\"><strong>8\/5<\/strong><\/td>\n<td style=\"width: 1280px; height: 19px;\">Stockholm, Filadelfia Convention Center: <em>Music for Life<\/em>, tribute concert for Stefan Nilsson<\/td>\n<\/tr>\n<tr style=\"height: 19px;\">\n<td style=\"width: 92px; height: 19px;\"><strong>12\/5<\/strong><\/td>\n<td style=\"width: 1280px; height: 19px;\">\u00d6rnsk\u00f6ldsvik, H\u00e4gglunds Arena: <em>Senior Gala 2023 <\/em>with, among others, Jacke Sj\u00f6din<\/td>\n<\/tr>\n<tr style=\"height: 19px;\">\n<td style=\"width: 92px; height: 19px;\"><strong>13\/5<\/strong><\/td>\n<td style=\"width: 1280px; height: 19px;\">Skellefte\u00e5, Folkparken:<em>&nbsp;Senior Gala 2023<\/em> with, among others, Jacke Sj\u00f6din<\/td>\n<\/tr>\n<tr style=\"height: 19px;\">\n<td style=\"width: 92px; height: 19px;\"><strong>19\/5<\/strong><\/td>\n<td style=\"width: 1280px; height: 19px;\">Karlstad, Scala Theater: Concert with Jojje Wadenius and Martin \u00d6stergren<\/td>\n<\/tr>\n<tr style=\"height: 19px;\">\n<td style=\"width: 92px; height: 19px;\"><strong>20\/5<\/strong><\/td>\n<td style=\"width: 1280px; height: 19px;\">Falk\u00f6ping City Theater: Concert with Jojje Wadenius and Martin \u00d6stergren<\/td>\n<\/tr>\n<tr style=\"height: 19px;\">\n<td style=\"width: 92px; height: 19px;\"><strong>11\/6<\/strong><\/td>\n<td style=\"width: 1280px; height: 19px;\">Vadstena Castle: Concert with Jojje Wadenius and Martin \u00d6stergren<\/td>\n<\/tr>\n<tr style=\"height: 19px;\">\n<td style=\"width: 92px; height: 19px;\"><strong>15\/6<\/strong><\/td>\n<td style=\"width: 1280px; height: 19px;\">\u00d6land, Kackelstugan: Summer concert with Rickad Nilsson<\/td>\n<\/tr>\n<tr style=\"height: 19px;\">\n<td style=\"width: 92px; height: 19px;\"><strong>15\/8<\/strong><\/td>\n<td style=\"width: 1280px; height: 19px;\">Stockholm, Solliden:&nbsp;<em>Alls\u00e5ng p\u00e5 Skansen<\/em><\/td>\n<\/tr>\n<tr style=\"height: 19px;\">\n<td style=\"width: 92px; height: 19px;\"><strong>19\/12<\/strong><\/td>\n<td style=\"width: 1280px; height: 19px;\">V\u00e4ster\u00e5s Concert Hall: <em>Sn\u00f6 &amp; marschaller<\/em> with Anna Stadling (part of a tour)<\/td>\n<\/tr>\n<tr style=\"height: 19px;\">\n<td style=\"width: 92px; height: 19px;\"><strong>20\/12<\/strong><\/td>\n<td style=\"width: 1280px; height: 19px;\">\u00d6rebro Concert Hall: <em>Sn\u00f6 &amp; marschaller<\/em> with Anna Stadling (part of a tour)<\/td>\n<\/tr>\n<tr style=\"height: 19px;\">\n<td style=\"width: 92px; height: 19px;\"><strong>21\/12<\/strong><\/td>\n<td style=\"width: 1280px; height: 19px;\">Stockholm, Filadelfia Convention Center: <em>Sn\u00f6 &amp; marschaller<\/em> with Anna Stadling (part of a tour)<\/td>\n<\/tr>\n<tr style=\"height: 137px;\">\n<td style=\"height: 137px; width: 1372px;\" colspan=\"2\">\n<hr>\n<h2 align=\"center\">2022<\/h2>\n<hr>\n<\/td>\n<\/tr>\n<tr style=\"height: 19px;\">\n<td style=\"height: 19px; width: 92px;\"><strong>11\/3<\/strong><\/td>\n<td style=\"height: 19px; width: 1280px;\">Stockholm, Avicii Arena: Guest on Molly Sand\u00e9n&#8217;s concert during her tour <em>Dom ska veta (They should know)<\/em><\/td>\n<\/tr>\n<tr style=\"height: 19px;\">\n<td style=\"height: 19px; width: 92px;\"><strong>20\/3<\/strong><\/td>\n<td style=\"height: 19px; width: 1280px;\">Stockholm, The Temple: <em>Help Ukraine!<\/em> The Salvation Army&#8217;s concert for the benefit of people in need together with Anna Stadling<\/td>\n<\/tr>\n<tr style=\"height: 19px;\">\n<td style=\"height: 19px; width: 92px;\"><strong>6\/5<\/strong><\/td>\n<td style=\"height: 19px; width: 1280px;\">\u00d6rebro Concert Hall: <em>En Ny Tid<\/em> (part of a tour)<\/td>\n<\/tr>\n<tr style=\"height: 19px;\">\n<td style=\"height: 19px; width: 92px;\"><strong>7\/5<\/strong><\/td>\n<td style=\"height: 19px; width: 1280px;\">Malm\u00f6 Live: <em>En Ny Tid<\/em> (part of a tour)<\/td>\n<\/tr>\n<tr style=\"height: 19px;\">\n<td style=\"height: 19px; width: 92px;\"><strong>8\/5<\/strong><\/td>\n<td style=\"height: 19px; width: 1280px;\">Norrk\u00f6ping, Louis De Geer:<em> En Ny Tid<\/em> (part of a tour)<\/td>\n<\/tr>\n<tr style=\"height: 19px;\">\n<td style=\"height: 19px; width: 92px;\"><strong>9\/5<\/strong><\/td>\n<td style=\"height: 19px; width: 1280px;\">Eskilstuna, Lokomotivet: <em>En Ny Tid<\/em> (part of a tour)<\/td>\n<\/tr>\n<tr style=\"height: 19px;\">\n<td style=\"height: 19px; width: 92px;\"><strong>19-21\/5<\/strong><\/td>\n<td style=\"height: 19px; width: 1280px;\">Vasa, Wasa Theatre: <em>Spring fanfare<\/em> with Anna-Maria Hallgarn<\/td>\n<\/tr>\n<tr style=\"height: 19px;\">\n<td style=\"height: 19px; width: 92px;\"><strong>17\/6<\/strong><\/td>\n<td style=\"height: 19px; width: 1280px;\">M\u00f6lnlycke, H\u00e4llsn\u00e4s Hotel &amp; Restaurant: Concert with Martin \u00d6stergren and Jojje Wadenius<\/td>\n<\/tr>\n<tr style=\"height: 19px;\">\n<td style=\"height: 19px; width: 92px;\"><strong>18\/6<\/strong><\/td>\n<td style=\"height: 19px; width: 1280px;\">Bor\u00e5s, Uddetorp Manor: Concert with Martin \u00d6stergren and Jojje Wadenius<\/td>\n<\/tr>\n<tr style=\"height: 19px;\">\n<td style=\"height: 19px; width: 92px;\"><strong>19\/6<\/strong><\/td>\n<td style=\"height: 19px; width: 1280px;\">Hamburgsund, Scen p\u00e5 B\u00f4nn: Concert with Martin \u00d6stergren and Jojje Wadenius<\/td>\n<\/tr>\n<tr style=\"height: 19px;\">\n<td style=\"height: 19px; width: 92px;\"><strong>8\/7<\/strong><\/td>\n<td style=\"height: 19px; width: 1280px;\">R\u00e4ttvik, Dalhalla: Guest artist at a concert with Peter J\u00f6back<\/td>\n<\/tr>\n<tr style=\"height: 19px;\">\n<td style=\"height: 19px; width: 92px;\"><strong>13\/8<\/strong><\/td>\n<td style=\"height: 19px; width: 1280px;\">N\u00e4s\u00e5ker: <em>August evening by the river bank<\/em> with Jacke Sj\u00f6din, Andreas Nilsson, Klas Norberg &amp; Angelica Jonsson<\/td>\n<\/tr>\n<tr style=\"height: 19px;\">\n<td style=\"height: 19px; width: 92px;\"><strong>27\/8<\/strong><\/td>\n<td style=\"height: 19px; width: 1280px;\">Nora Church: Concert with Martin \u00d6stergren and Jojje Wadenius<\/td>\n<\/tr>\n<tr style=\"height: 19px;\">\n<td style=\"height: 19px; width: 92px;\"><strong>1\/9<\/strong><\/td>\n<td style=\"height: 19px; width: 1280px;\">\u00d6rebro Concert Hall: <em>Live at Heart<\/em>, diasert with Anna Stadling<\/td>\n<\/tr>\n<tr style=\"height: 19px;\">\n<td style=\"height: 19px; width: 92px;\"><strong>4\/9<\/strong><\/td>\n<td style=\"height: 19px; width: 1280px;\">Stj\u00e4rnsund, Smedjan: Concert with Martin \u00d6stergren<\/td>\n<\/tr>\n<tr style=\"height: 19px;\">\n<td style=\"height: 19px; width: 92px;\"><strong>16\/9<\/strong><\/td>\n<td style=\"height: 19px; width: 1280px;\">Hudiksvall, Activity Factory: <em>Tribute Gala<\/em>, a tribute to Hudiksvall municipality<\/td>\n<\/tr>\n<tr style=\"height: 19px;\">\n<td style=\"height: 19px; width: 92px;\"><strong>25\/9<\/strong><\/td>\n<td style=\"height: 19px; width: 1280px;\">Enh\u00f6rna: <em>Summer at \u00c5rby Lodge <\/em>with Rickard Nilsson<\/td>\n<\/tr>\n<tr style=\"height: 19px;\">\n<td style=\"height: 19px; width: 92px;\"><strong>30\/9-1\/10<\/strong><\/td>\n<td style=\"height: 19px; width: 1280px;\">J\u00e4ttendal, Mellanfj\u00e4rden Theater: Concerts with Rickard Nilsson<\/td>\n<\/tr>\n<tr style=\"height: 19px;\">\n<td style=\"height: 19px; width: 92px;\"><strong>2\/10<\/strong><\/td>\n<td style=\"height: 19px; width: 1280px;\">Kumla Church: Concert with Rickard Nilsson<\/td>\n<\/tr>\n<tr style=\"height: 19px;\">\n<td style=\"height: 19px; width: 92px;\"><strong>5\/10<\/strong><\/td>\n<td style=\"height: 19px; width: 1280px;\">Malm\u00f6, Victoria Theater: <em>One Guitar and guests<\/em> with Peter Tegn\u00e9r, Sousou Cissoko, Jessica Ottosson and Bo H\u00e5kansson<\/td>\n<\/tr>\n<tr style=\"height: 19px;\">\n<td style=\"height: 19px; width: 92px;\"><strong>6-7\/10<\/strong><\/td>\n<td style=\"height: 19px; width: 1280px;\">Stockholm, Wenner-Gren Center 24: Concerts with Rickard Nilsson<\/td>\n<\/tr>\n<tr style=\"height: 19px;\">\n<td style=\"height: 19px; width: 92px;\"><strong>26\/10<\/strong><\/td>\n<td style=\"height: 19px; width: 1280px;\">Casa de la Cultura, Almu\u00f1\u00e9car: Performance with Anna Fahlstedt, Martin \u00d6stergren and Jacke Sj\u00f6din<\/td>\n<\/tr>\n<tr style=\"height: 19px;\">\n<td style=\"height: 19px; width: 92px;\"><strong>19\/11<\/strong><\/td>\n<td style=\"height: 19px; width: 1280px;\">Uppsala, University Auditorium: <em>Sn\u00f6 &amp; marschaller (Snow and marshals)<\/em> with Anna Stadling (part of a tour)<\/td>\n<\/tr>\n<tr style=\"height: 19px;\">\n<td style=\"height: 19px; width: 92px;\"><strong>20\/11<\/strong><\/td>\n<td style=\"height: 19px; width: 1280px;\">Malm\u00f6, Malm\u00f6 Live: <em>Sn\u00f6 &amp; marschaller<\/em> with Anna Stadling (part of a tour)<\/td>\n<\/tr>\n<tr style=\"height: 19px;\">\n<td style=\"height: 19px; width: 92px;\"><strong>21\/11<\/strong><\/td>\n<td style=\"height: 19px; width: 1280px;\">V\u00e4xj\u00f6 Concert Hall: <em>Sn\u00f6 &amp; marschaller<\/em> with Anna Stadling (part of a tour)<\/td>\n<\/tr>\n<tr style=\"height: 19px;\">\n<td style=\"height: 19px; width: 92px;\"><strong>26\/11<\/strong><\/td>\n<td style=\"height: 19px; width: 1280px;\">Lule\u00e5, House of Culture: <em>Sn\u00f6 &amp; marschaller<\/em> with Anna Stadling (part of a tour)<\/td>\n<\/tr>\n<tr style=\"height: 19px;\">\n<td style=\"height: 19px; width: 92px;\"><strong>27\/11<\/strong><\/td>\n<td style=\"height: 19px; width: 1280px;\">Ume\u00e5, Idun Theater: <em>Sn\u00f6 &amp; marschaller<\/em> with Anna Stadling (part of a tour)<\/td>\n<\/tr>\n<tr style=\"height: 19px;\">\n<td style=\"height: 19px; width: 92px;\"><strong>28\/11<\/strong><\/td>\n<td style=\"height: 19px; width: 1280px;\">Skellefte\u00e5, Sara Culture Center: <em>Sn\u00f6 &amp; marschaller<\/em> with Anna Stadling (part of a tour)<\/td>\n<\/tr>\n<tr style=\"height: 19px;\">\n<td style=\"height: 19px; width: 92px;\"><strong>29\/11<\/strong><\/td>\n<td style=\"height: 19px; width: 1280px;\">Sundsvall, Tonhallen: <em>Sn\u00f6 &amp; marschaller<\/em> with Anna Stadling (part of a tour)<\/td>\n<\/tr>\n<tr style=\"height: 19px;\">\n<td style=\"height: 19px; width: 92px;\"><strong>3\/12<\/strong><\/td>\n<td style=\"height: 19px; width: 1280px;\">Link\u00f6ping Concert &amp; Congress: <em>Sn\u00f6 &amp; marschaller<\/em> with Anna Stadling (part of a tour)<\/td>\n<\/tr>\n<tr style=\"height: 19px;\">\n<td style=\"height: 19px; width: 92px;\"><strong>4\/12<\/strong><\/td>\n<td style=\"height: 19px; width: 1280px;\">Norrk\u00f6ping, De Geer Hall: <em>Sn\u00f6 &amp; marschaller<\/em> with Anna Stadling (part of a tour)<\/td>\n<\/tr>\n<tr style=\"height: 19px;\">\n<td style=\"height: 19px; width: 92px;\"><strong>7-8\/12<\/strong><\/td>\n<td style=\"height: 19px; width: 1280px;\">Stockholm, G\u00f6ta Lejon: <em>Sn\u00f6 &amp; marschaller<\/em> with Anna Stadling (part of a tour)<\/td>\n<\/tr>\n<tr style=\"height: 19px;\">\n<td style=\"height: 19px; width: 92px;\"><strong>10\/12<\/strong><\/td>\n<td style=\"height: 19px; width: 1280px;\">J\u00f6nk\u00f6ping Concert Hall: <em>Sn\u00f6 &amp; marschaller<\/em> with Anna Stadling (part of a tour)<\/td>\n<\/tr>\n<tr style=\"height: 19px;\">\n<td style=\"height: 19px; width: 92px;\"><strong>12\/12<\/strong><\/td>\n<td style=\"height: 19px; width: 1280px;\">G\u00e4vle Concert Hall: <em>Sn\u00f6 &amp; marschaller<\/em> with Anna Stadling (part of a tour)<\/td>\n<\/tr>\n<tr style=\"height: 19px;\">\n<td style=\"height: 19px; width: 92px;\"><strong>17\/12<\/strong><\/td>\n<td style=\"height: 19px; width: 1280px;\">Kalmar, Kalmar Hall: <em>Sn\u00f6 &amp; marschaller<\/em> with Anna Stadling (part of a tour)<\/td>\n<\/tr>\n<tr style=\"height: 19px;\">\n<td style=\"height: 19px; width: 92px;\"><strong>18\/12<\/strong><\/td>\n<td style=\"height: 19px; width: 1280px;\">Gothenburg Concert Hall: <em>Sn\u00f6 &amp; marschaller<\/em> with Anna Stadling (part of a tour)<\/td>\n<\/tr>\n<tr style=\"height: 19px;\">\n<td style=\"height: 19px; width: 92px;\"><strong>18\/12<\/strong><\/td>\n<td style=\"height: 19px; width: 1280px;\">Gothenburg, Kungstorget: <em>Musikhj\u00e4lpen (The Music Help) 2022&nbsp;<\/em>with Anna Stadling<\/td>\n<\/tr>\n<tr style=\"height: 19px;\">\n<td style=\"height: 19px; width: 92px;\"><strong>19\/12<\/strong><\/td>\n<td style=\"height: 19px; width: 1280px;\">Halmstad Theater: <em>Sn\u00f6 &amp; marschaller<\/em> with Anna Stadling (part of a tour)<\/td>\n<\/tr>\n<tr style=\"height: 19px;\">\n<td style=\"height: 19px; width: 92px;\"><strong>20\/12<\/strong><\/td>\n<td style=\"height: 19px; width: 1280px;\">Helsingborg, Concert Hall: <em>Sn\u00f6 &amp; marschaller<\/em> with Anna Stadling (part of a tour)<\/td>\n<\/tr>\n<tr style=\"height: 137px;\">\n<td style=\"height: 137px; width: 1372px;\" colspan=\"2\">\n<hr>\n<h2 align=\"center\">2021<\/h2>\n<hr>\n<\/td>\n<\/tr>\n<tr style=\"height: 19px;\">\n<td style=\"height: 19px; width: 92px;\"><strong>30\/1<\/strong><\/td>\n<td style=\"height: 19px; width: 1280px;\">Stockholm, Hamburger B\u00f6rs: <em>Don\u2019t stop the music, <\/em>support gala for everyone in the music industry who have been affected by the pandemic in various ways<\/td>\n<\/tr>\n<tr style=\"height: 19px;\">\n<td style=\"height: 19px; width: 92px;\"><strong>28\/3<\/strong><\/td>\n<td style=\"height: 19px; width: 1280px;\">Livestream concert together with Tommy K\u00f6rberg and Benjamin Ingrosso<\/td>\n<\/tr>\n<tr style=\"height: 19px;\">\n<td style=\"height: 19px; width: 92px;\"><strong>24\/4<\/strong><\/td>\n<td style=\"height: 19px; width: 1280px;\">Stockholm: Guerrilla concert in front of the Swedish parliament building when <em>Climate Live Sweden<\/em> was launched<\/td>\n<\/tr>\n<tr style=\"height: 19px;\">\n<td style=\"height: 19px; width: 92px;\"><strong>6\/6<\/strong><\/td>\n<td style=\"height: 19px; width: 1280px;\">Sollentuna, Edsberg park: Digital National Day celebration with Jakob Stadell and others<\/td>\n<\/tr>\n<tr style=\"height: 19px;\">\n<td style=\"height: 19px; width: 92px;\"><strong>9\/8<\/strong><\/td>\n<td style=\"height: 19px; width: 1280px;\">Gothenburg: Lotta at Liseberg<\/td>\n<\/tr>\n<tr style=\"height: 19px;\">\n<td style=\"height: 19px; width: 92px;\"><strong>14\/8<\/strong><\/td>\n<td style=\"height: 19px; width: 1280px;\">\u00d6rebro, City Park: Swedish Chamber Orchestra\u2019s&nbsp;<em>\u201cWish Concert\u201d<\/em>&nbsp;<\/td>\n<\/tr>\n<tr style=\"height: 19px;\">\n<td style=\"height: 19px; width: 92px;\"><strong>29\/8<\/strong><\/td>\n<td style=\"height: 19px; width: 1280px;\">Stj\u00e4rnsund, Smedjan: Two concerts together with Martin \u00d6stergren<\/td>\n<\/tr>\n<tr style=\"height: 19px;\">\n<td style=\"height: 19px; width: 92px;\"><strong>15\/9<\/strong><\/td>\n<td style=\"height: 19px; width: 1280px;\">Stockholm, The Royal Palace: A tribute concert to healthcare staff together with Elin Rombo and Karl Magnus Fredriksson<\/td>\n<\/tr>\n<tr style=\"height: 19px;\">\n<td style=\"height: 19px; width: 92px;\"><strong>13\/10<\/strong><\/td>\n<td style=\"height: 19px; width: 1280px;\">S\u00f6dertuna Castle, concert with Martin \u00d6stergren<\/td>\n<\/tr>\n<tr style=\"height: 19px;\">\n<td style=\"height: 19px; width: 92px;\"><strong>15\/10<\/strong><\/td>\n<td style=\"height: 19px; width: 1280px;\">Knistad Manor, concert with Martin \u00d6stergren<\/td>\n<\/tr>\n<tr style=\"height: 19px;\">\n<td style=\"height: 19px; width: 92px;\"><strong>16\/10<\/strong><\/td>\n<td style=\"height: 19px; width: 1280px;\">Stockholm, Kungstr\u00e4dg\u00e5rden: Concert for Climate Justice<\/td>\n<\/tr>\n<tr style=\"height: 19px;\">\n<td style=\"height: 19px; width: 92px;\"><strong>7\/11<\/strong><\/td>\n<td style=\"height: 19px; width: 1280px;\">V\u00e4ster\u00e5s Concert Hall: <em>En Ny Tid<\/em> (part of a tour)<\/td>\n<\/tr>\n<tr style=\"height: 19px;\">\n<td style=\"height: 19px; width: 92px;\"><strong>8\/11<\/strong><\/td>\n<td style=\"height: 19px; width: 1280px;\">Halmstad Theater:<em> En Ny Tid<\/em> (part of a tour)<\/td>\n<\/tr>\n<tr style=\"height: 19px;\">\n<td style=\"height: 19px; width: 92px;\"><strong>11\/11<\/strong><\/td>\n<td style=\"height: 19px; width: 1280px;\">J\u00f6nk\u00f6ping Concert Hall: <em>En Ny Tid<\/em> (part of a tour)<\/td>\n<\/tr>\n<tr style=\"height: 19px;\">\n<td style=\"height: 19px; width: 92px;\"><strong>12\/11<\/strong><\/td>\n<td style=\"height: 19px; width: 1280px;\">Gothenburg Concert Hall: <em>En Ny Tid<\/em> (part of a tour)<\/td>\n<\/tr>\n<tr style=\"height: 19px;\">\n<td style=\"height: 19px; width: 92px;\"><strong>13\/11<\/strong><\/td>\n<td style=\"height: 19px; width: 1280px;\">V\u00e4xj\u00f6 Concert Hall: <em>En Ny Tid<\/em> (part of a tour)<\/td>\n<\/tr>\n<tr style=\"height: 19px;\">\n<td style=\"height: 19px; width: 92px;\"><strong>17\/11<\/strong><\/td>\n<td style=\"height: 19px; width: 1280px;\">Lule\u00e5 Culture House: <em>En Ny Tid<\/em> (part of a tour)<\/td>\n<\/tr>\n<tr style=\"height: 19px;\">\n<td style=\"height: 19px; width: 92px;\"><strong>18\/11<\/strong><\/td>\n<td style=\"height: 19px; width: 1280px;\">Ume\u00e5, Idun Theater: <em>En Ny Tid<\/em> (part of a tour)<\/td>\n<\/tr>\n<tr style=\"height: 19px;\">\n<td style=\"height: 19px; width: 92px;\"><strong>19\/11<\/strong><\/td>\n<td style=\"height: 19px; width: 1280px;\">Uppsala Concert &amp; Congress: <em>En Ny Tid<\/em> (part of a tour)<\/td>\n<\/tr>\n<tr style=\"height: 19px;\">\n<td style=\"height: 19px; width: 92px;\"><strong>20\/11<\/strong><\/td>\n<td style=\"height: 19px; width: 1280px;\">Karlstad CCC: <em>En Ny Tid<\/em> (part of a tour)<\/td>\n<\/tr>\n<tr style=\"height: 19px;\">\n<td style=\"height: 19px; width: 92px;\"><strong>24\/11<\/strong><\/td>\n<td style=\"height: 19px; width: 1280px;\">Lule\u00e5, Nederlule\u00e5 Church: <em>Str\u00e5lande jul (Brilliant Christmas)<\/em>, recording for TV4<\/td>\n<\/tr>\n<tr style=\"height: 19px;\">\n<td style=\"height: 19px; width: 92px;\"><strong>25\/11<\/strong><\/td>\n<td style=\"height: 19px; width: 1280px;\">Kalmar Hall: <em>En Ny Tid<\/em> (part of a tour)<\/td>\n<\/tr>\n<tr style=\"height: 19px;\">\n<td style=\"height: 19px; width: 92px;\"><strong>26\/11<\/strong><\/td>\n<td style=\"height: 19px; width: 1280px;\">Helsingborg Arena: <em>En Ny Tid<\/em> (part of a tour)<\/td>\n<\/tr>\n<tr style=\"height: 19px;\">\n<td style=\"height: 19px; width: 92px;\"><strong>29\/11<\/strong><\/td>\n<td style=\"height: 19px; width: 1280px;\">Stockholm, G\u00f6ta Lejon: <em>En Ny Tid<\/em> (part of a tour)<\/td>\n<\/tr>\n<tr style=\"height: 19px;\">\n<td style=\"height: 19px; width: 92px;\"><strong>30\/11<\/strong><\/td>\n<td style=\"height: 19px; width: 1280px;\">Stockholm, G\u00f6ta Lejon: <em>En Ny Tid<\/em> (part of a tour)<\/td>\n<\/tr>\n<tr style=\"height: 19px;\">\n<td style=\"height: 19px; width: 92px;\"><strong>3\/12<\/strong><\/td>\n<td style=\"height: 19px; width: 1280px;\">Sundsvall, Tonhallen Concert Hall: <em>En Ny Tid<\/em> (part of a tour)<\/td>\n<\/tr>\n<tr style=\"height: 19px;\">\n<td style=\"height: 19px; width: 92px;\"><strong>4\/12<\/strong><\/td>\n<td style=\"height: 19px; width: 1280px;\">Sundsvall, Tonhallen Concert Hall: <em>En Ny Tid<\/em> (part of a tour)<\/td>\n<\/tr>\n<tr style=\"height: 19px;\">\n<td style=\"height: 19px; width: 92px;\"><strong>5\/12<\/strong><\/td>\n<td style=\"height: 19px; width: 1280px;\">G\u00e4vle Concert Hall: <em>En Ny Tid<\/em> (part of a tour)<\/td>\n<\/tr>\n<tr style=\"height: 19px;\">\n<td style=\"height: 19px; width: 92px;\"><strong>8\/12<\/strong><\/td>\n<td style=\"height: 19px; width: 1280px;\">Link\u00f6ping, Concert &amp; Congress: <em>En Ny Tid<\/em> (part of a tour)<\/td>\n<\/tr>\n<tr style=\"height: 19px;\">\n<td style=\"height: 19px; width: 92px;\"><strong>16\/12<\/strong><\/td>\n<td style=\"height: 19px; width: 1280px;\">Vara Concert Hall: Christmas concert with Anna Stadling<\/td>\n<\/tr>\n<tr style=\"height: 19px;\">\n<td style=\"height: 19px; width: 92px;\"><strong>18\/12<\/strong><\/td>\n<td style=\"height: 19px; width: 1280px;\">Visby Cathedral: Christmas concert with Anna Stadling<\/td>\n<\/tr>\n<\/tbody>\n<\/table>\n<p><!--more--><\/p>\n<p>&nbsp;<\/p>\n","protected":false},"excerpt":{"rendered":"<p>&nbsp; 2025 12\/3 Gothenburg, World of Volvo: Taube Day \u2013 Sj\u00f6g\u00e5ng. Tribute concert for Evert Taube. 21\/3 Bolln\u00e4s, Culture House: Concert with Rickad Nilsson (part <a class=\"more-link\" href=\"https:\/\/helensjoholm.nu\/_eng\/concerts-2021-and-forward\/\">Read More &#8230;<\/a><\/p>\n","protected":false},"author":1,"featured_media":0,"parent":0,"menu_order":0,"comment_status":"closed","ping_status":"closed","template":"","meta":{"ngg_post_thumbnail":0,"footnotes":""},"class_list":["post-10863","page","type-page","status-publish","hentry"],"aioseo_notices":[],"_links":{"self":[{"href":"https:\/\/helensjoholm.nu\/_eng\/wp-json\/wp\/v2\/pages\/10863","targetHints":{"allow":["GET"]}}],"collection":[{"href":"https:\/\/helensjoholm.nu\/_eng\/wp-json\/wp\/v2\/pages"}],"about":[{"href":"https:\/\/helensjoholm.nu\/_eng\/wp-json\/wp\/v2\/types\/page"}],"author":[{"embeddable":true,"href":"https:\/\/helensjoholm.nu\/_eng\/wp-json\/wp\/v2\/users\/1"}],"replies":[{"embeddable":true,"href":"https:\/\/helensjoholm.nu\/_eng\/wp-json\/wp\/v2\/comments?post=10863"}],"version-history":[{"count":10,"href":"https:\/\/helensjoholm.nu\/_eng\/wp-json\/wp\/v2\/pages\/10863\/revisions"}],"predecessor-version":[{"id":14538,"href":"https:\/\/helensjoholm.nu\/_eng\/wp-json\/wp\/v2\/pages\/10863\/revisions\/14538"}],"wp:attachment":[{"href":"https:\/\/helensjoholm.nu\/_eng\/wp-json\/wp\/v2\/media?parent=10863"}],"curies":[{"name":"wp","href":"https:\/\/api.w.org\/{rel}","templated":true}]}}